{"id":777,"date":"2019-03-11T09:29:33","date_gmt":"2019-03-11T08:29:33","guid":{"rendered":"http:\/\/new.essc.ch\/?page_id=777"},"modified":"2019-03-11T09:30:10","modified_gmt":"2019-03-11T08:30:10","slug":"nearshore_lp","status":"publish","type":"page","link":"https:\/\/www.essc.ch\/en\/nearshore_lp\/","title":{"rendered":"Nearshore_LP"},"content":{"rendered":"<\/div><\/div><\/div><!-- close content main div --><\/div><\/div><div id='av_section_1' class='avia-section main_color avia-section-no-padding avia-no-border-styling avia-bg-style-scroll   container_wrap sidebar_right' style=' '   style=' ' ><div class='container' ><div class='template-page content  av-content-small alpha units'><div class='post-entry post-entry-type-page post-entry-777'><div class='entry-content-wrapper clearfix'>\n<section class=\"av_textblock_section \"  itemscope=\"itemscope\" itemtype=\"https:\/\/schema.org\/CreativeWork\" ><div class='avia_textblock  '   itemprop=\"text\" ><div><\/div>\n<\/div><\/section>\n<\/div><\/div><\/div><!-- close content main div --><\/div><\/div><div id='after_section_1' class='main_color av_default_container_wrap container_wrap sidebar_right' style=' '   style=' ' ><div class='container' ><div class='template-page content  av-content-small alpha units'><div class='post-entry post-entry-type-page post-entry-777'><div class='entry-content-wrapper clearfix'>\n<div class=\"flex_column av_one_full  flex_column_div av-zero-column-padding first  \" style='border-radius:0px; '><p><section class=\"av_textblock_section \"  itemscope=\"itemscope\" itemtype=\"https:\/\/schema.org\/CreativeWork\" ><div class='avia_textblock  '  style='font-size:18px; '  itemprop=\"text\" ><p>Wir von E&amp;S Swiss Consulting GmbH mit klarem Fokus auf Management- und IT Beratung mit Schwerpunkt Industrie, Handel und Logistik, unterst\u00fctzen Sie bei der strategischen Ausrichtung Ihrer IT und der optimalen Planung Ihrer Gesch\u00e4ftsprozesse.<\/p>\n<\/div><\/section><br \/>\n<section class=\"av_textblock_section \"  itemscope=\"itemscope\" itemtype=\"https:\/\/schema.org\/CreativeWork\" ><div class='avia_textblock  '  style='font-size:18px; '  itemprop=\"text\" ><p>Auf Basis von langj\u00e4hriger, erfolgreicher T\u00e4tigkeit unserer Senior Berater im internationalen Markt setzen wir auch f\u00fcr Sie komplexeste Aufgaben in konkrete und praktikable L\u00f6sungen um!<\/p>\n<\/div><\/section><\/p><\/div>\n<\/div><\/div><\/div><!-- close content main div --><\/div><\/div><div id='av_section_2' class='avia-section main_color avia-section-default avia-no-border-styling avia-bg-style-scroll   container_wrap sidebar_right' style='background-color: #27cdef; background-image: linear-gradient(to bottom right,#074680,#53a4ed); '   style='background-color: #27cdef; background-image: linear-gradient(to bottom right,#074680,#53a4ed); ' ><div class='container' ><div class='template-page content  av-content-small alpha units'><div class='post-entry post-entry-type-page post-entry-777'><div class='entry-content-wrapper clearfix'>\n<div class=\"flex_column av_three_fourth  flex_column_div av-zero-column-padding first  \" style='border-radius:0px; '><section class=\"av_textblock_section \"  itemscope=\"itemscope\" itemtype=\"https:\/\/schema.org\/CreativeWork\" ><div class='avia_textblock  av_inherit_color '  style='font-size:18px; color:#ffffff; '  itemprop=\"text\" ><h3>Pers\u00f6nlich, Kompetent &amp; Innovativ<\/h3>\n<p>Bei uns steht der Mensch im Mittelpunkt \u2013 als Kunde, Mitarbeiter und Teil der Gesellschaft. Das dr\u00fcckt sich in unserem Arbeitsstil \u2013 integrativ, empathisch und vertrauensw\u00fcrdig \u2013 sowie in unserem sozialen Engagement aus.<\/p>\n<\/div><\/section><\/div><div class=\"flex_column av_one_fourth  flex_column_div av-zero-column-padding   \" style='border-radius:0px; '><p><div style='height:15px' class='hr hr-invisible  '><span class='hr-inner ' ><span class='hr-inner-style'><\/span><\/span><\/div><br \/>\n<div class='avia-button-wrap avia-button-left '><a href='#kontakt'  class='avia-button   avia-icon_select-no avia-color-custom avia-size-x-large avia-position-left '  style='background-color:#ffffff; border-color:#ffffff; color:#27cdef; ' ><span class='avia_iconbox_title' ><span style=\"font-size: x-large;\"><b>Kontakt<\/b><\/span><\/span><\/a><\/div><\/p><\/div>\n<\/div><\/div><\/div><!-- close content main div --><\/div><\/div><div id='after_section_2' class='main_color av_default_container_wrap container_wrap sidebar_right' style=' '   style=' ' ><div class='container' ><div class='template-page content  av-content-small alpha units'><div class='post-entry post-entry-type-page post-entry-777'><div class='entry-content-wrapper clearfix'>\n<\/div><\/div><\/div><!-- close content main div --><\/div><\/div><div id='vorteile' class='avia-section main_color avia-section-default avia-no-border-styling avia-bg-style-scroll   container_wrap sidebar_right' style=' '   style=' ' ><div class='container' ><div class='template-page content  av-content-small alpha units'><div class='post-entry post-entry-type-page post-entry-777'><div class='entry-content-wrapper clearfix'>\n<div class=\"flex_column av_one_full  flex_column_div av-zero-column-padding first  \" style='border-radius:0px; '><section class=\"av_textblock_section \"  itemscope=\"itemscope\" itemtype=\"https:\/\/schema.org\/CreativeWork\" ><div class='avia_textblock  '   itemprop=\"text\" ><h2 style=\"text-align: center;\">Warum E&amp;S SWISS CONSULTING GmbH?<\/h2>\n<\/div><\/section><\/div><div class=\"flex_column av_two_third  flex_column_div av-zero-column-padding first  \" style='border-radius:0px; '><p><section class=\"av_textblock_section \"  itemscope=\"itemscope\" itemtype=\"https:\/\/schema.org\/CreativeWork\" ><div class='avia_textblock  '  style='font-size:18px; '  itemprop=\"text\" ><p>Das unabh\u00e4ngige, inhabergef\u00fchrte und international erfahrene und agierende Beratungsunternehmen E&amp;S Swiss Consulting GmbH wurde im Mai 2012 gegr\u00fcndet. Unsere Berater verf\u00fcgen \u00fcber einen fachlich interdisziplin\u00e4ren Background, mit einem klaren Fokus auf Management und IT. Aufgrund der zunehmenden Internationalisierung sind Kenntnisse in verschiedenen Sprachen f\u00fcr unsere Mitarbeiter ein Muss. Nur so k\u00f6nnen wir Ihren vielseitigen Bed\u00fcrfnissen als Kunden Rechnung tragen.<\/p>\n<p>Der gesch\u00e4ftsf\u00fchrende Gesellschafter, Eric Starke, mit 13 Jahren Management-Beratungserfahrung, stammt urspr\u00fcnglich aus einer BIG5 IT- Beratung mit Hauptsitz in den USA. Unsere strukturierte Vorgehensweise, partnerschaftliches Denken und eine proaktive Kommunikation geh\u00f6ren seit jeher zum Kern unserer t\u00e4glichen Arbeit mit unseren Kunden. Das bedeutet f\u00fcr Unternehmen vor allem, dass sie dazu in der Lage sind wesentlich wirtschaftlicher und effizienter zu arbeiten, aber auch neue Absatz-, Produktions- und Beschaffungspotenziale f\u00fcr sich zu gewinnen und zu erschliessen. Dies wiederum macht Sie als Unternehmen wettbewerbsf\u00e4higer und erh\u00f6ht Ihr Leistungspotenzial um ein Vielfaches. Es ist unser Anspruch als Management- und IT-Beratung, erstklassige Leistung und h\u00f6chste Qualit\u00e4t f\u00fcr unsere Kunden zu erbringen.<\/p>\n<\/div><\/section><br \/>\n<section class=\"av_textblock_section \"  itemscope=\"itemscope\" itemtype=\"https:\/\/schema.org\/CreativeWork\" ><div class='avia_textblock  '  style='font-size:18px; '  itemprop=\"text\" ><p><strong>Daher steht E f\u00fcr Experten und S f\u00fcr Software, denn nur mit Experten k\u00f6nnen wir unser Versprechen einl\u00f6sen, erstklassige Ergebnisse f\u00fcr unsere Kunden zu liefern.<\/strong><\/p>\n<\/div><\/section><\/p><\/div><div class=\"flex_column av_one_third  flex_column_div av-zero-column-padding   \" style='border-radius:0px; '><p><div class='avia-image-container  av-styling-    avia-align-center '  itemprop=\"ImageObject\" itemscope=\"itemscope\" itemtype=\"https:\/\/schema.org\/ImageObject\"  ><div class='avia-image-container-inner'><div class='avia-image-overlay-wrap'><img class='avia_image' src='https:\/\/www.essc.ch\/wp-content\/uploads\/2018\/12\/freigestellt.png' alt='' title='freigestellt' height=\"426\" width=\"484\"  itemprop=\"thumbnailUrl\"  \/><\/div><\/div><\/div><br \/>\n<section class=\"av_textblock_section \"  itemscope=\"itemscope\" itemtype=\"https:\/\/schema.org\/CreativeWork\" ><div class='avia_textblock  '  style='font-size:18px; '  itemprop=\"text\" ><h3 style=\"text-align: center;\">Erik Starke<\/h3>\n<p style=\"text-align: center;\"><em>Gesch\u00e4ftsf\u00fchrender Gesellschafter<\/em><\/p>\n<\/div><\/section><br \/>\n<div style='height:25px' class='hr hr-invisible  '><span class='hr-inner ' ><span class='hr-inner-style'><\/span><\/span><\/div><br \/>\n<div class='avia-image-container  av-styling-    avia-align-center '  itemprop=\"ImageObject\" itemscope=\"itemscope\" itemtype=\"https:\/\/schema.org\/ImageObject\"  ><div class='avia-image-container-inner'><div class='avia-image-overlay-wrap'><img class='avia_image' src='https:\/\/www.essc.ch\/wp-content\/uploads\/2019\/03\/siegel-300x164.png' alt='Siegel' title='siegel' height=\"164\" width=\"300\"  itemprop=\"thumbnailUrl\"  \/><\/div><\/div><\/div><\/p><\/div>\n<\/div><\/div><\/div><!-- close content main div --><\/div><\/div><div id='after_section_3' class='main_color av_default_container_wrap container_wrap sidebar_right' style=' '   style=' ' ><div class='container' ><div class='template-page content  av-content-small alpha units'><div class='post-entry post-entry-type-page post-entry-777'><div class='entry-content-wrapper clearfix'>\n<\/div><\/div><\/div><!-- close content main div --><\/div><\/div><div id='av_section_4' class='avia-section main_color avia-section-small avia-no-border-styling avia-bg-style-scroll   container_wrap sidebar_right' style='background-color: #27cdef; background-image: linear-gradient(to bottom right,#074680,#53a4ed); '   style='background-color: #27cdef; background-image: linear-gradient(to bottom right,#074680,#53a4ed); ' ><div class='container' ><div class='template-page content  av-content-small alpha units'><div class='post-entry post-entry-type-page post-entry-777'><div class='entry-content-wrapper clearfix'>\n<div class=\"flex_column av_one_full  flex_column_div av-zero-column-padding first  \" style='border-radius:0px; '><section class=\"av_textblock_section \"  itemscope=\"itemscope\" itemtype=\"https:\/\/schema.org\/CreativeWork\" ><div class='avia_textblock  av_inherit_color '  style='font-size:26px; color:#ffffff; '  itemprop=\"text\" ><p style=\"text-align: center;\"><b>Nutzen auch Sie unser SAP\u00ae-Fachwissen und unsere Erfahrung in den Bereichen:<\/b><\/p>\n<\/div><\/section><\/div><div class=\"flex_column av_one_fifth  flex_column_div av-zero-column-padding first  \" style='border-radius:0px; '><\/div><div class=\"flex_column av_three_fifth  flex_column_div av-zero-column-padding   \" style='border-radius:0px; '><section class=\"av_textblock_section \"  itemscope=\"itemscope\" itemtype=\"https:\/\/schema.org\/CreativeWork\" ><div class='avia_textblock  av_inherit_color '  style='font-size:20px; color:#ffffff; '  itemprop=\"text\" ><ul>\n<li>Managementberatung, Projektleitung, Interim Management<\/li>\n<li>Prozessberatung f\u00fcr SCM &amp; Logistikanwendungen mit SAP\u00ae<\/li>\n<li>Ganzheitliche Einf\u00fchrung von SAP\u00ae ERP, auch im Mittelstand<\/li>\n<\/ul>\n<\/div><\/section><\/div><div class=\"flex_column av_one_fifth  flex_column_div av-zero-column-padding   \" style='border-radius:0px; '><\/div><div class=\"flex_column av_one_fourth  flex_column_div av-zero-column-padding first  \" style='border-radius:0px; '><article class=\"iconbox iconbox_top main_color    \"  itemscope=\"itemscope\" itemtype=\"https:\/\/schema.org\/CreativeWork\" ><div class=\"iconbox_content\"><header class=\"entry-content-header\"><div class=\"iconbox_icon heading-color \" aria-hidden='true' data-av_icon='\ue80b' data-av_iconfont='entypo-fontello'  style='border:1px solid #ffffff; ' ><\/div><h3 class='iconbox_content_title '  itemprop=\"headline\"  >Langj\u00e4hrige Erfahrung<\/h3><\/header><div class='iconbox_content_container  '  itemprop=\"text\"  ><\/div><\/div><footer class=\"entry-footer\"><\/footer><\/article><\/div><div class=\"flex_column av_one_fourth  flex_column_div av-zero-column-padding   \" style='border-radius:0px; '><article class=\"iconbox iconbox_top main_color    \"  itemscope=\"itemscope\" itemtype=\"https:\/\/schema.org\/CreativeWork\" ><div class=\"iconbox_content\"><header class=\"entry-content-header\"><div class=\"iconbox_icon heading-color \" aria-hidden='true' data-av_icon='\ue83c' data-av_iconfont='entypo-fontello'  style='border:1px solid #ffffff; ' ><\/div><h3 class='iconbox_content_title '  itemprop=\"headline\"  >Direkter Ansprechpartner<\/h3><\/header><div class='iconbox_content_container  '  itemprop=\"text\"  ><\/div><\/div><footer class=\"entry-footer\"><\/footer><\/article><\/div><div class=\"flex_column av_one_fourth  flex_column_div av-zero-column-padding   \" style='border-radius:0px; '><article class=\"iconbox iconbox_top main_color    \"  itemscope=\"itemscope\" itemtype=\"https:\/\/schema.org\/CreativeWork\" ><div class=\"iconbox_content\"><header class=\"entry-content-header\"><div class=\"iconbox_icon heading-color \" aria-hidden='true' data-av_icon='\ue812' data-av_iconfont='entypo-fontello'  style='border:1px solid #ffffff; ' ><\/div><h3 class='iconbox_content_title '  itemprop=\"headline\"  >SAP\u00ae<br \/>\nFachwissen<\/h3><\/header><div class='iconbox_content_container  '  itemprop=\"text\"  ><\/div><\/div><footer class=\"entry-footer\"><\/footer><\/article><\/div><div class=\"flex_column av_one_fourth  flex_column_div av-zero-column-padding   \" style='border-radius:0px; '><article class=\"iconbox iconbox_top main_color    \"  itemscope=\"itemscope\" itemtype=\"https:\/\/schema.org\/CreativeWork\" ><div class=\"iconbox_content\"><header class=\"entry-content-header\"><div class=\"iconbox_icon heading-color \" aria-hidden='true' data-av_icon='\ue864' data-av_iconfont='entypo-fontello'  style='border:1px solid #ffffff; ' ><\/div><h3 class='iconbox_content_title '  itemprop=\"headline\"  >Unabh\u00e4ngige &amp; innovativ<\/h3><\/header><div class='iconbox_content_container  '  itemprop=\"text\"  ><\/div><\/div><footer class=\"entry-footer\"><\/footer><\/article><\/div>\n<\/div><\/div><\/div><!-- close content main div --><\/div><\/div><div id='after_section_4' class='main_color av_default_container_wrap container_wrap sidebar_right' style=' '   style=' ' ><div class='container' ><div class='template-page content  av-content-small alpha units'><div class='post-entry post-entry-type-page post-entry-777'><div class='entry-content-wrapper clearfix'>\n<div class=\"flex_column av_one_full  flex_column_div av-zero-column-padding first  \" style='border-radius:0px; '><section class=\"av_textblock_section \"  itemscope=\"itemscope\" itemtype=\"https:\/\/schema.org\/CreativeWork\" ><div class='avia_textblock  '   itemprop=\"text\" ><h2 style=\"text-align: center;\">SAP &amp; IT Consulting<\/h2>\n<\/div><\/section><br \/>\n<section class=\"av_textblock_section \"  itemscope=\"itemscope\" itemtype=\"https:\/\/schema.org\/CreativeWork\" ><div class='avia_textblock  '  style='font-size:18px; '  itemprop=\"text\" ><p>Die Bestandteile betrieblicher Prozessketten sind umfangreich und gepr\u00e4gt durch die Erfahrungswerte der einzelnen Mitarbeiter. Damit die Prozesse entlang der Wertsch\u00f6pfungskette auch optimal ablaufen k\u00f6nnen, ist es wichtig, dass alle Beteiligten \u00fcber fundiertes Fachwissen und Wissen im SAP-Umfeld verf\u00fcgen. Nur so k\u00f6nnen effiziente L\u00f6sungen f\u00fcr komplexe Prozesse gefunden werden.<\/p>\n<p>Die evolution\u00e4re Weiterentwicklung und Integration von ERP-Konzepten mit neuen, innovativen Technologien und Gesch\u00e4ftsmodellen erschliesst neue Potenziale und M\u00f6glichkeiten. Die Erfahrung zeigt, dass isolierte Insell\u00f6sungen mit Informations- und Technologiebr\u00fcchen nicht zum Erfolg f\u00fchren. Deshalb konzentrieren wir uns auf \u201cEnd to End Solutions\u201d f\u00fcr integrierte Gesch\u00e4ftsprozesse entlang der Value Chain.<\/p>\n<p><strong>Mit unseren Kunden gestalten und implementieren wir gemeinsam unternehmensspezifische SAP L\u00f6sungen, die mit den Anforderungen von Markt und Wettbewerb wachsen k\u00f6nnen.<\/strong><\/p>\n<\/div><\/section><\/p><\/div>\n<\/div><\/div><\/div><!-- close content main div --><\/div><\/div><div id='kontakt' class='avia-section main_color avia-section-default avia-no-border-styling avia-bg-style-scroll   container_wrap sidebar_right' style='background-color: #27cdef; background-image: linear-gradient(to bottom right,#074680,#53a4ed); '   style='background-color: #27cdef; background-image: linear-gradient(to bottom right,#074680,#53a4ed); ' ><div class='container' ><div class='template-page content  av-content-small alpha units'><div class='post-entry post-entry-type-page post-entry-777'><div class='entry-content-wrapper clearfix'>\n<div class=\"flex_column av_one_full  flex_column_div av-zero-column-padding first  \" style='border-radius:0px; '><section class=\"av_textblock_section \"  itemscope=\"itemscope\" itemtype=\"https:\/\/schema.org\/CreativeWork\" ><div class='avia_textblock  av_inherit_color '  style='font-size:40px; color:#ffffff; '  itemprop=\"text\" ><p style=\"text-align: center;\"><b>Jetzt Kontakt aufnehmen!<\/b><\/p>\n<\/div><\/section><\/div>\n<\/div><\/div><\/div><!-- close content main div --><\/div><\/div><div id='after_section_5' class='main_color av_default_container_wrap container_wrap sidebar_right' style=' '   style=' ' ><div class='container' ><div class='template-page content  av-content-small alpha units'><div class='post-entry post-entry-type-page post-entry-777'><div class='entry-content-wrapper clearfix'>\n<\/div><\/div><\/div><!-- close content main div --><\/div><\/div><div id='av_section_6' class='avia-section main_color avia-section-default avia-no-border-styling avia-bg-style-scroll   container_wrap sidebar_right' style=' '   style=' ' ><div class='container' ><div class='template-page content  av-content-small alpha units'><div class='post-entry post-entry-type-page post-entry-777'><div class='entry-content-wrapper clearfix'>\n<div class=\"flex_column av_one_third  flex_column_div av-zero-column-padding first  \" style='border-radius:0px; '><section class=\"av_textblock_section \"  itemscope=\"itemscope\" itemtype=\"https:\/\/schema.org\/CreativeWork\" ><div class='avia_textblock  '  style='font-size:18px; '  itemprop=\"text\" ><h3>E&amp;S Swiss Consulting GmbH<\/h3>\n<p>Korporationsweg 11<br \/>\nCH-8832 Wilen<br \/>\nFon +41 44 50 09 51 6<br \/>\n<a href=\"mailto:info@essc.ch\">info@essc.ch<\/a><\/p>\n<\/div><\/section><br \/>\n<div style='height:25px' class='hr hr-invisible  '><span class='hr-inner ' ><span class='hr-inner-style'><\/span><\/span><\/div><br \/>\n<div class='avia-image-container  av-styling-    avia-align-left '  itemprop=\"ImageObject\" itemscope=\"itemscope\" itemtype=\"https:\/\/schema.org\/ImageObject\"  ><div class='avia-image-container-inner'><div class='avia-image-overlay-wrap'><img class='avia_image' src='https:\/\/www.essc.ch\/wp-content\/uploads\/2018\/12\/icon-essc.gif' alt='' title='icon-essc' height=\"91\" width=\"90\"  itemprop=\"thumbnailUrl\"  \/><\/div><\/div><\/div><\/p><\/div><div class=\"flex_column av_two_third  flex_column_div   \" style='background: #ededed; padding:10px 20px 10px 20px ; background-color:#ededed; border-radius:12px; '><section class=\"av_textblock_section \"  itemscope=\"itemscope\" itemtype=\"https:\/\/schema.org\/CreativeWork\" ><div class='avia_textblock  '   itemprop=\"text\" ><div role=\"form\" class=\"wpcf7\" id=\"wpcf7-f8-o1\" lang=\"de-DE\" dir=\"ltr\">\n<div class=\"screen-reader-response\" role=\"alert\" aria-live=\"polite\"><\/div>\n<form action=\"\/en\/wp-json\/wp\/v2\/pages\/777\/#wpcf7-f8-o1\" method=\"post\" class=\"wpcf7-form init\" novalidate=\"novalidate\">\n<div style=\"display: none;\">\n<input type=\"hidden\" name=\"_wpcf7\" value=\"8\" \/>\n<input type=\"hidden\" name=\"_wpcf7_version\" value=\"5.2.2\" \/>\n<input type=\"hidden\" name=\"_wpcf7_locale\" value=\"de_DE\" \/>\n<input type=\"hidden\" name=\"_wpcf7_unit_tag\" value=\"wpcf7-f8-o1\" \/>\n<input type=\"hidden\" name=\"_wpcf7_container_post\" value=\"0\" \/>\n<input type=\"hidden\" name=\"_wpcf7_posted_data_hash\" value=\"\" \/>\n<input type=\"hidden\" name=\"_wpcf7_recaptcha_response\" value=\"\" \/>\n<\/div>\n<p><label> Name (Pflichtfeld)<br \/>\n    <span class=\"wpcf7-form-control-wrap your-name\"><input type=\"text\" name=\"your-name\" value=\"\" size=\"40\" class=\"wpcf7-form-control wpcf7-text wpcf7-validates-as-required\" aria-required=\"true\" aria-invalid=\"false\" \/><\/span> <\/label><\/p>\n<p><label> E-Mail-Adresse (Pflichtfeld)<br \/>\n    <span class=\"wpcf7-form-control-wrap your-email\"><input type=\"email\" name=\"your-email\" value=\"\" size=\"40\" class=\"wpcf7-form-control wpcf7-text wpcf7-email wpcf7-validates-as-required wpcf7-validates-as-email\" aria-required=\"true\" aria-invalid=\"false\" \/><\/span> <\/label><\/p>\n<p><label> Betreff<br \/>\n    <span class=\"wpcf7-form-control-wrap your-subject\"><input type=\"text\" name=\"your-subject\" value=\"\" size=\"40\" class=\"wpcf7-form-control wpcf7-text\" aria-invalid=\"false\" \/><\/span> <\/label><\/p>\n<p><label> Nachricht<br \/>\n    <span class=\"wpcf7-form-control-wrap your-message\"><textarea name=\"your-message\" cols=\"40\" rows=\"10\" class=\"wpcf7-form-control wpcf7-textarea\" aria-invalid=\"false\"><\/textarea><\/span> <\/label><\/p>\n<p><span class=\"wpcf7-form-control-wrap your-consent\"><span class=\"wpcf7-form-control wpcf7-acceptance\"><span class=\"wpcf7-list-item\"><label><input type=\"checkbox\" name=\"your-consent\" value=\"1\" aria-invalid=\"false\" \/><span class=\"wpcf7-list-item-label\">Mit dem Absenden stimme ich den <a href=\"\/datenschutz\" target=\"_blank\">Datenschutzbestimmungen<\/a> zu.<\/span><\/label><\/span><\/span><\/span><\/p>\n<p><input type=\"submit\" value=\"Senden\" class=\"wpcf7-form-control wpcf7-submit\" \/><\/p>\n<div class=\"wpcf7-response-output\" role=\"alert\" aria-hidden=\"true\"><\/div><\/form><\/div>\n<\/div><\/section><\/div><div style='height:30px' class='hr hr-invisible  '><span class='hr-inner ' ><span class='hr-inner-style'><\/span><\/span><\/div>\n<\/div><\/div><\/div><!-- close content main div --><\/div><\/div><div id='after_section_6' class='main_color av_default_container_wrap container_wrap sidebar_right' style=' '   style=' ' ><div class='container' ><div class='template-page content  av-content-small alpha units'><div class='post-entry post-entry-type-page post-entry-777'><div class='entry-content-wrapper clearfix'>\n","protected":false},"excerpt":{"rendered":"","protected":false},"author":2,"featured_media":0,"parent":0,"menu_order":0,"comment_status":"closed","ping_status":"closed","template":"","meta":[],"_links":{"self":[{"href":"https:\/\/www.essc.ch\/en\/wp-json\/wp\/v2\/pages\/777\/"}],"collection":[{"href":"https:\/\/www.essc.ch\/en\/wp-json\/wp\/v2\/pages\/"}],"about":[{"href":"https:\/\/www.essc.ch\/en\/wp-json\/wp\/v2\/types\/page\/"}],"author":[{"embeddable":true,"href":"https:\/\/www.essc.ch\/en\/wp-json\/wp\/v2\/users\/2\/"}],"replies":[{"embeddable":true,"href":"https:\/\/www.essc.ch\/en\/wp-json\/wp\/v2\/comments\/?post=777"}],"version-history":[{"count":3,"href":"https:\/\/www.essc.ch\/en\/wp-json\/wp\/v2\/pages\/777\/revisions\/"}],"predecessor-version":[{"id":797,"href":"https:\/\/www.essc.ch\/en\/wp-json\/wp\/v2\/pages\/777\/revisions\/797\/"}],"wp:attachment":[{"href":"https:\/\/www.essc.ch\/en\/wp-json\/wp\/v2\/media\/?parent=777"}],"curies":[{"name":"wp","href":"https:\/\/api.w.org\/{rel}","templated":true}]}}